{"id":6,"date":"2011-12-18T20:21:22","date_gmt":"2011-12-18T19:21:22","guid":{"rendered":"http:\/\/ospc.com.pl\/?page_id=6"},"modified":"2012-01-25T09:50:23","modified_gmt":"2012-01-25T08:50:23","slug":"historia","status":"publish","type":"page","link":"https:\/\/ospc.com.pl\/index.php\/o-nas\/historia\/","title":{"rendered":"Historia"},"content":{"rendered":"<div style=\"text-align: left;\">HISTORIA<\/div>\n<div style=\"text-align: left;\">Obywatelskie Stowarzyszenie Przyjaci\u00f3\u0142 Cz\u0119stochowy powsta\u0142o z dniem 30 czerwca 2009\u00a0roku, kiedy to zosta\u0142o wpisane do Krajowego Rejestru S\u0105dowego. Zainicjowane zosta\u0142o przez\u00a0cz\u0119stochowskich przedsi\u0119biorc\u00f3w: S\u0142awomira Kocyg\u0119 i Jacka Topczewskiego a stworzyli je ludzie,\u00a0kt\u00f3rym los Cz\u0119stochowy nie jest oboj\u0119tny.<\/div>\n<div style=\"text-align: left;\">Pomys\u0142 za\u0142o\u017cenia samego Stowarzyszenia wynika\u0142 z sytuacji w jakiej znajdowa\u0142a si\u0119\u00a0Cz\u0119stochowa. Nieudolne rz\u0105dy \u00f3wczesnego Prezydenta Miasta Tadeusza Wrony zmobilizowa\u0142y\u00a0mieszka\u0144c\u00f3w do dzia\u0142ania. Brak wizji rozwoju miasta, brak pomys\u0142\u00f3w na pozyskiwanie\u00a0inwestor\u00f3w oraz dramatyczne wyludnienie to tylko kilka podstawowych zarzut\u00f3w wobec pana\u00a0Wrony. Cz\u0119stochowianie byli rozczarowani stanem dr\u00f3g miejskich, brakiem inwestor\u00f3w i kiepsk\u0105\u00a0jako\u015bci\u0105 \u017cycia codziennego mieszka\u0144c\u00f3w. Bior\u0105c pod uwag\u0119 ow\u0105 sytuacj\u0119 postanowili\u015bmy\u00a0skorzysta\u0107 z jednej z form demokracji bezpo\u015bredniej a mianowicie z referendum. Pierwsze kroki w\u00a0celu przeprowadzenia referendum w sprawie odwo\u0142ania Prezydenta Miasta Tadeusza Wrony podj\u0119li\u00a0cz\u0142onkowie OSPC: S\u0142awomir Kocyga, Jacek Topczewski, Leszek Kulawik, Jacek Popio\u0142ek, Jerzy<\/div>\n<div style=\"text-align: left;\">\u0141odzi\u0144ski i Marek Drygas. Cz\u0119stochowianie r\u00f3wnie\u017c nie zawiedli. Pod inicjatyw\u0105 referendum\u00a0podpisa\u0142o 31 tysi\u0119cy obywateli miasta. Warto wspomnie\u0107, \u017ce jednomy\u015blne poparcie w tej sprawie\u00a0uzyskali\u015bmy tak\u017ce od partii politycznych: PO, PiS i SLD.<\/div>\n<div style=\"text-align: left;\">27 sierpnia Obywatelski Komitet Referendalny z\u0142o\u017cy\u0142 u Komisarza Wyborczego wniosek o wydanie\u00a0postanowienia o przeprowadzenie wspomnianego wy\u017cej referendum. Termin referendum\u00a0wyznaczono na 15 listopada 2009 roku. Po raz kolejny okaza\u0142o si\u0119, \u017ce cz\u0119stochowianie s\u0105 ambitni i\u00a0wiele oczekuj\u0105 od os\u00f3b sprawuj\u0105cych w\u0142adz\u0119. Ponad 21 procent mieszka\u0144c\u00f3w wzi\u0119\u0142o udzia\u0142 w\u00a0referendum, Za odwo\u0142aniem Tadeusza Wrony opowiedzia\u0142o si\u0119 ponad 39 tysi\u0119cy os\u00f3b. To\u00a0niew\u0105tpliwy sukces. Sukces nie tylko dla naszego Stowarzyszenia, ale przede wszystkim dla ca\u0142ej\u00a0Cz\u0119stochowy. Mieszka\u0144cy dali wraz temu, \u017ce maj\u0105 bezpo\u015bredni wp\u0142yw na w\u0142adz\u0119. To wyj\u0105tkowy,\u00a0unikalny i dotychczas niespotykany w naszym mie\u015bcie zryw spo\u0142eczny. Wygra\u0142a demokracja!\u00a0Rz\u0105dz\u0105cy musz\u0105 pami\u0119ta\u0107, \u017ce s\u0105 rozliczani za wszystkie swoje dzia\u0142ania jak i za ich brak.<\/div>\n<div style=\"text-align: left;\">Powodzenie referendum by\u0142o wydarzeniem na skal\u0119 krajow\u0105. W \u015blad za nami posz\u0142a \u0141\u00f3d\u017a. Tam\u00a0referendum w sprawie odwo\u0142ania Prezydenta Miasta odby\u0142o si\u0119 w styczniu 2010 roku. Inicjatorzy\u00a0wzorowali si\u0119 na naszych dzia\u0142aniach i konsultowali z nami swoje posuni\u0119cia. Cieszymy si\u0119, \u017ce\u00a0przyczynili\u015bmy si\u0119 do sukcesu \u0142odzian, kt\u00f3rzy skutecznie odwo\u0142ali Prezydenta Jerzego\u00a0Kropiwnickiego.<\/div>\n<div style=\"text-align: left;\">Wy\u017cej opisane wydarzenie doda\u0142o nam skrzyde\u0142 do dalszej walki o lepsze funkcjonowanie\u00a0miasta. Kolejnym przedsi\u0119wzi\u0119ciem jakim si\u0119 zaj\u0119li\u015bmy by\u0142o stworzenie takiego projektu Alej\u00a0N.M.P. oraz Placu Biega\u0144skiego, kt\u00f3ry \u0142\u0105czy\u0142by interesy mieszka\u0144c\u00f3w Cz\u0119stochowy,przedsi\u0119biorc\u00f3w oraz w\u0142adzy. Zawsze stawiali\u015bmy na rozw\u00f3j miasta, remont z naszego punktu\u00a0widzenia jest absolutnie konieczny. Chcieli\u015bmy mie\u0107 wp\u0142yw na wygl\u0105d g\u0142\u00f3wnej arterii\u00a0Cz\u0119stochowy dlatego podj\u0119li\u015bmy dialog. Przedstawili\u015bmy zgo\u0142a odmienna wersj\u0119 placu<\/div>\n<div style=\"text-align: left;\">Biega\u0144skiego od tej proponowanej przez biuro projektowe zatrudnione przez Urz\u0105d Miasta. Ten\u00a0drugi projekt (ostateczny) zak\u0142ada stworzenie przestrzeni publicznej mi\u0119dzy Ratuszem a ko\u015bcio\u0142em.\u00a0Mo\u017cna powiedzie\u0107, \u017ce ta druga koncepcja by\u0142a nieprzemy\u015blana, ale to za s\u0142abe s\u0142owo. Kilka drzew i\u00a0\u0142awek przy ko\u015bciele- to ma by\u0107 serce miasta? Owy plac to pusta, wybrukowana przestrze\u0144, miejska\u00a0pustynia, bez swojego uroku, bez historii, bez duszy. Przypomina on raczej rosyjski Plac Czerwony.\u00a0Czy\u017cby Urz\u0105d Miasta planowa\u0142 przemarsz wojska przez ?Biegana?? Bo do czeg\u00f3\u017c wi\u0119cej mo\u017ce\u00a0s\u0142u\u017cy\u0107 taka przestrze\u0144. A mo\u017ce to nagrobek Pi\u0142sudskiego, gdy\u017c z \u017cyciem ten plac na pewno si\u0119 nie\u00a0kojarzy. Pozostaje nam tylko po\u0142o\u017cy\u0107 kwiaty u st\u00f3p biednego Marsza\u0142ka, \u017ceby cho\u0107 odrobin\u0119 umili\u0107\u00a0mu pobyt na tej przestrzeni. Niestety za ten fatalny projekt zap\u0142acono r\u00f3wnie\u017c z kieszeni ka\u017cdego z\u00a0nas.<\/div>\n<div style=\"text-align: left;\">Poza aspektem czysto wizualnym i funkcjonalnym jest tak\u017ce aspekt komunikacyjny.\u00a0Uwa\u017camy, \u017ce ograniczenie ruchu drogowego w Alejach spowoduje pogorszenie komunikacji w\u00a0Cz\u0119stochowie, kt\u00f3ra i tak od dawna pozostawia wiele do \u017cyczenia.<\/div>\n<div style=\"text-align: left;\">Przedstawili\u015bmy sprawy o kt\u00f3re walczyli\u015bmy dla dobra Cz\u0119stochowy, kt\u00f3re by\u0142y\u00a0najbardziej nag\u0142a\u015bniane przez media. Nasza dzia\u0142alno\u015b\u0107 nie ogranicza si\u0119 jednak tylko do sfery\u00a0centrum miasta.<\/div>\n<div style=\"text-align: left;\">Od grudnia 2009 roku uda\u0142o nam si\u0119 zorganizowa\u0107 spotkania pt. ?Kawa na \u0142aw\u0119? z p.\u00a0Piotrem Kurpiosem oraz z wiceprezydentami<\/div>\n<div style=\"text-align: left;\">p. Majerem i p Biernatem. Spotkania te odbywa\u0142y si\u0119\u00a0w sobotnie przedpo\u0142udnia i omawiali\u015bmy na nich (wraz z lokalnymi przedsi\u0119biorcami) jak poprawi\u0107\u00a0stan koniunktury w Cz\u0119stochowie. Fakt, \u017ce jeste\u015bmy zorganizowan\u0105 grup\u0105 pomaga\u0142 nam w dotarciu\u00a0do ludzi w\u0142adzy.<\/div>\n<div style=\"text-align: left;\">Jednym z naszych niew\u0105tpliwych sukces\u00f3w by\u0142o przyczynienie si\u0119 do wyci\u0119cia\u00a0samosiejek na terenach przemys\u0142owych. Od lat puste, niezagospodarowane obszary straszy\u0142y\u00a0poro\u015bni\u0119tymi krzakami. Przez dwie i p\u00f3\u0142 kadencje p. Tadeusz Wrona nie m\u00f3g\u0142 sobie poradzi\u0107 z tym\u00a0problemem. Uznali\u015bmy \u017ce najwy\u017cszy czas doprowadzi\u0107 te miejsca do porz\u0105dku, aby w jak\u00a0najkr\u00f3tszym czasie mo\u017cna by\u0142o otwiera\u0107 tam nowe przedsi\u0119biorstwa. Po rozmowach z magistratem\u00a0uda\u0142o nam si\u0119 doj\u015b\u0107 do konsensusu i doprowadzi\u0107 do wyci\u0119cia samosiejek. Nie trzeba by\u0142o d\u0142ugo\u00a0czeka\u0107, a\u017c na terenach pohutniczych pojawili si\u0119 nowi inwestorzy.<\/div>\n<div style=\"text-align: left;\">OSPC zawsze ch\u0119tnie bierze udzia\u0142 w akcjach charytatywnych. Zw\u0142aszcza los dzieci nie\u00a0jest nam oboj\u0119tny. 11 lipca 2010 roku Obywatelskie Stowarzyszenie Przyjaci\u00f3\u0142 Cz\u0119stochowy\u00a0zaprosi\u0142o nad zalew do Poraja kilkana\u015bcioro dzieci z O\u015brodka Pomocy Dziecku i Rodzinie z G\u00f3ry<\/div>\n<div style=\"text-align: left;\">W\u0142odawskiej. Z nasz\u0105 skromn\u0105 pomoc\u0105 uda\u0142o si\u0119 zorganizowa\u0107 liczne atrakcje: p\u0142ywanie skuterem,\u00a0motor\u00f3wk\u0105, grillowanie, dzieci otrzyma\u0142y tak\u017ce drobne upominki.<\/div>\n<div style=\"text-align: left;\">Podczas wybor\u00f3w do samorz\u0105du lokalnego w 2010 roku r\u00f3wnie\u017c nie byli\u015bmy bezczynni.\u00a0Wystawili\u015bmy kilku kandydat\u00f3w do Rady Miasta Cz\u0119stochowa, a w 2011 roku cz\u0142onek zarz\u0105du\u00a0OSPC kandydowa\u0142 na Senatora RP z KWW Kandydat Cz\u0119stochowy.<\/div>\n<div style=\"text-align: left;\">To tyle, je\u017celi chodzi o histori\u0119. Wszelkich informacji o tera\u017aniejszych dzia\u0142aniach\u00a0dowiedz\u0105 si\u0119 Pa\u0144stwo z zak\u0142adki Aktualno\u015bci.<\/div>\n","protected":false},"excerpt":{"rendered":"<p>HISTORIA Obywatelskie Stowarzyszenie Przyjaci\u00f3\u0142 Cz\u0119stochowy powsta\u0142o z dniem 30 czerwca 2009\u00a0roku, kiedy to zosta\u0142o wpisane do Krajowego Rejestru S\u0105dowego. Zainicjowane zosta\u0142o przez\u00a0cz\u0119stochowskich&#8230;<\/p>\n","protected":false},"author":3,"featured_media":0,"parent":4,"menu_order":1,"comment_status":"closed","ping_status":"open","template":"","meta":[],"_links":{"self":[{"href":"https:\/\/ospc.com.pl\/index.php\/wp-json\/wp\/v2\/pages\/6"}],"collection":[{"href":"https:\/\/ospc.com.pl\/index.php\/wp-json\/wp\/v2\/pages"}],"about":[{"href":"https:\/\/ospc.com.pl\/index.php\/wp-json\/wp\/v2\/types\/page"}],"author":[{"embeddable":true,"href":"https:\/\/ospc.com.pl\/index.php\/wp-json\/wp\/v2\/users\/3"}],"replies":[{"embeddable":true,"href":"https:\/\/ospc.com.pl\/index.php\/wp-json\/wp\/v2\/comments?post=6"}],"version-history":[{"count":6,"href":"https:\/\/ospc.com.pl\/index.php\/wp-json\/wp\/v2\/pages\/6\/revisions"}],"predecessor-version":[{"id":47,"href":"https:\/\/ospc.com.pl\/index.php\/wp-json\/wp\/v2\/pages\/6\/revisions\/47"}],"up":[{"embeddable":true,"href":"https:\/\/ospc.com.pl\/index.php\/wp-json\/wp\/v2\/pages\/4"}],"wp:attachment":[{"href":"https:\/\/ospc.com.pl\/index.php\/wp-json\/wp\/v2\/media?parent=6"}],"curies":[{"name":"wp","href":"https:\/\/api.w.org\/{rel}","templated":true}]}}